{"id":849,"date":"2024-03-19T15:01:12","date_gmt":"2024-03-19T14:01:12","guid":{"rendered":"http:\/\/festivalpalindrome.fr\/?page_id=849"},"modified":"2024-04-16T18:05:52","modified_gmt":"2024-04-16T16:05:52","slug":"dimanche-19-mai","status":"publish","type":"page","link":"https:\/\/festivalpalindrome.fr\/?page_id=849","title":{"rendered":"DIMANCHE 19 MAI 2024"},"content":{"rendered":"\n<h2 class=\"wp-block-heading\" style=\"text-align:center\" id=\"cam\u00e9ra\">.<\/h2>\n\n\n\n<div class=\"wp-block-media-text alignwide has-luminous-vivid-amber-background-color\"><figure class=\"wp-block-media-text__media\"><img loading=\"lazy\" decoding=\"async\" width=\"1024\" height=\"768\" src=\"http:\/\/festivalpalindrome.fr\/wp-content\/uploads\/2022\/04\/Visuel-ateliers-1024x768.jpg\" alt=\"\" class=\"wp-image-485\" srcset=\"https:\/\/festivalpalindrome.fr\/wp-content\/uploads\/2022\/04\/Visuel-ateliers-1024x768.jpg 1024w, https:\/\/festivalpalindrome.fr\/wp-content\/uploads\/2022\/04\/Visuel-ateliers-300x225.jpg 300w, https:\/\/festivalpalindrome.fr\/wp-content\/uploads\/2022\/04\/Visuel-ateliers-768x576.jpg 768w\" sizes=\"auto, (max-width: 767px) 89vw, (max-width: 1000px) 54vw, (max-width: 1071px) 543px, 580px\" \/><\/figure><div class=\"wp-block-media-text__content\">\n<h1 class=\"wp-block-heading\" style=\"text-align:center\" id=\"Dim-ATELIER\"><strong>LE MATIN<br>Atelier<\/strong><\/h1>\n\n\n\n<h3 class=\"wp-block-heading\" id=\"mce_21\"><strong>Jeu&nbsp;face&nbsp;cam\u00e9ra<\/strong><\/h3>\n<\/div><\/div>\n\n\n\n<h6 class=\"wp-block-heading\" style=\"text-align:center\"> <br>avec Bastien Lombardo (Th\u00e9\u00e2tre du Risque)<br>Dimanche 19 Mai, 9h30-12h00&nbsp;: \u00e0 partir de 8 ans<br>18 participants maximum : r\u00e9servation conseill\u00e9e<br>Salle Beldina <\/h6>\n\n\n\n<p>  <\/p>\n\n\n\n<p>Du th\u00e9\u00e2tre, on en garde le texte. Mais ici, on ne joue pas sur une sc\u00e8ne, mais en d\u00e9cor naturel, et pas sous le regard d\u2019un public, mais devant l&#8217;\u0153il de la cam\u00e9ra. Le corps alors ne bouge plus pareil, l\u2019adresse n\u2019est plus la m\u00eame et les \u00e9motions s\u2019expriment diff\u00e9remment.<br>Viens d\u00e9couvrir les sp\u00e9cificit\u00e9s du jeu face cam\u00e9ra, et filmer tes propres sc\u00e8nes. <br>Pour le Festival Palindrome : Hollywood d\u00e9localise !(ou presque)&#8230; <br><\/p>\n\n\n\n<p style=\"text-align:center\" class=\"has-text-color has-very-dark-gray-color\"><font color=\"#191e23\"><span style=\"background-color: rgb(232, 234, 235);\"><b>Tarif&nbsp;:&nbsp;20 euros<\/b><\/span><\/font><br><\/p>\n\n\n\n<p style=\"text-align:center\" class=\"has-background has-medium-font-size has-vivid-green-cyan-background-color\"><strong><a href=\"https:\/\/www.helloasso.com\/associations\/theatre-au-village\/evenements\/festival-palindrome-2024\" target=\"_blank\" rel=\"noreferrer noopener\" aria-label=\"S'INSCRIRE (s\u2019ouvre dans un nouvel onglet)\">S&#8217;INSCRIRE<\/a><\/strong><\/p>\n\n\n\n<h2 class=\"wp-block-heading\" style=\"text-align:center\" id=\"KoloK1\">.<\/h2>\n\n\n\n<div class=\"wp-block-media-text alignwide has-luminous-vivid-amber-background-color\"><figure class=\"wp-block-media-text__media\"><img loading=\"lazy\" decoding=\"async\" width=\"1024\" height=\"689\" src=\"http:\/\/festivalpalindrome.fr\/wp-content\/uploads\/2024\/03\/masked-series01Inge-Morath-et-Saul-Steinberg-1024x689.jpg\" alt=\"\" class=\"wp-image-901\" srcset=\"https:\/\/festivalpalindrome.fr\/wp-content\/uploads\/2024\/03\/masked-series01Inge-Morath-et-Saul-Steinberg-1024x689.jpg 1024w, https:\/\/festivalpalindrome.fr\/wp-content\/uploads\/2024\/03\/masked-series01Inge-Morath-et-Saul-Steinberg-300x202.jpg 300w, https:\/\/festivalpalindrome.fr\/wp-content\/uploads\/2024\/03\/masked-series01Inge-Morath-et-Saul-Steinberg-768x517.jpg 768w, https:\/\/festivalpalindrome.fr\/wp-content\/uploads\/2024\/03\/masked-series01Inge-Morath-et-Saul-Steinberg.jpg 1046w\" sizes=\"auto, (max-width: 767px) 89vw, (max-width: 1000px) 54vw, (max-width: 1071px) 543px, 580px\" \/><\/figure><div class=\"wp-block-media-text__content\">\n<h1 class=\"wp-block-heading\" style=\"text-align:center\" id=\"KoloK1\"><strong>LE MATIN<br>KoloK #1<\/strong><\/h1>\n\n\n\n<p><\/p>\n<\/div><\/div>\n\n\n<p><!--StartFragment--><\/p>\n\n\n<div class=\"wp-block-media-text alignwide has-pale-cyan-blue-background-color\" style=\"grid-template-columns:44% auto\"><figure class=\"wp-block-media-text__media\"><img loading=\"lazy\" decoding=\"async\" width=\"760\" height=\"556\" src=\"http:\/\/festivalpalindrome.fr\/wp-content\/uploads\/2021\/05\/repas-compagnies-aeriennes-annees-60-09.jpg\" alt=\"\" class=\"wp-image-340\" srcset=\"https:\/\/festivalpalindrome.fr\/wp-content\/uploads\/2021\/05\/repas-compagnies-aeriennes-annees-60-09.jpg 760w, https:\/\/festivalpalindrome.fr\/wp-content\/uploads\/2021\/05\/repas-compagnies-aeriennes-annees-60-09-300x219.jpg 300w\" sizes=\"auto, (max-width: 706px) 89vw, (max-width: 767px) 82vw, 740px\" \/><\/figure><div class=\"wp-block-media-text__content\">\n<p style=\"font-size:27px;text-align:center\" class=\"has-background has-pale-cyan-blue-background-color\"><strong>Midi : restauration sur place (Sandwichs)<\/strong><\/p>\n<\/div><\/div>\n\n\n\n<div class=\"wp-block-media-text alignwide has-luminous-vivid-amber-background-color\"><figure class=\"wp-block-media-text__media\"><img loading=\"lazy\" decoding=\"async\" width=\"1024\" height=\"768\" src=\"http:\/\/festivalpalindrome.fr\/wp-content\/uploads\/2022\/04\/20220409_164435-1024x768.jpg\" alt=\"\" class=\"wp-image-486\" srcset=\"https:\/\/festivalpalindrome.fr\/wp-content\/uploads\/2022\/04\/20220409_164435-1024x768.jpg 1024w, https:\/\/festivalpalindrome.fr\/wp-content\/uploads\/2022\/04\/20220409_164435-300x225.jpg 300w, https:\/\/festivalpalindrome.fr\/wp-content\/uploads\/2022\/04\/20220409_164435-768x576.jpg 768w\" sizes=\"auto, (max-width: 767px) 89vw, (max-width: 1000px) 54vw, (max-width: 1071px) 543px, 580px\" \/><\/figure><div class=\"wp-block-media-text__content\">\n<h2 class=\"wp-block-heading\" style=\"text-align:center\" id=\"Dim-L'apr\u00e8s-midi\"><strong>L&#8217;apr\u00e8s-midi<\/strong><br><strong>Les jeunes en sc\u00e8ne<\/strong><\/h2>\n\n\n\n<p style=\"text-align:center\" class=\"has-text-color has-vivid-red-color\">ENTR\u00c9E LIBRE <br><\/p>\n<\/div><\/div>\n\n\n\n<h2 class=\"wp-block-heading\" style=\"text-align:center\" id=\"Antigonick\">.<\/h2>\n\n\n\n<h3 class=\"wp-block-heading\" style=\"text-align:center\"><strong> 13h30 Antigonick<\/strong><br><em>De Anne Carson<\/em><\/h3>\n\n\n\n<h6 class=\"wp-block-heading\" style=\"text-align:center\">Par l\u2019atelier du coll\u00e8ge de Villard-Bonnot<\/h6>\n\n\n\n<p> <em>Antigone<\/em>&nbsp;est la trag\u00e9die de la r\u00e9volte, de l\u2019affirmation du sujet libre face \u00e0 la machine broyeuse de l\u2019\u00c9tat. L\u2019intr\u00e9pide fille d\u2019\u0152dipe brave l\u2019interdit de Cr\u00e9on, invoquant la loi des dieux, bien plus puissante que celle des hommes, si violents et haut plac\u00e9s soient-ils. Cr\u00e9on, homme du verbe autoritaire, se voit accul\u00e9 par cette Antigone \u00e0 la force vitale inou\u00efe, qui d\u00e9joue l\u2019arbitraire aveugle du tyran, par son d\u00e9sir d\u2019autonomie \u2013 sans doute l\u2019une de ses plus belles facult\u00e9s. Sous la plume de Carson, cette \u0153uvre mill\u00e9naire gagne en radicalit\u00e9 politique et en densit\u00e9 po\u00e9tique.&nbsp;<em>Antigonick<\/em>&nbsp;est un geste de traduction des plus cr\u00e9atifs, subversif et radical. <br><\/p>\n\n\n\n<h2 class=\"wp-block-heading\" style=\"text-align:center\" id=\"Pinocchio\">.<\/h2>\n\n\n\n<h3 class=\"wp-block-heading\" style=\"text-align:center\"><strong> 14h40 Pinocchio&nbsp;<\/strong><br><em>De Jo\u00ebl Pommerat<\/em><\/h3>\n\n\n\n<h6 class=\"wp-block-heading\" style=\"text-align:center\">Par l\u2019atelier ado d&#8217;Horizons (Meylan)<\/h6>\n\n\n\n<p>  \u00c0 peine sculpt\u00e9 dans le bois, Pinocchio s\u2019anime sous les yeux \u00e9blouis de son cr\u00e9ateur. H\u00e9las, le pantin se r\u00e9v\u00e8le tyran et, pour s\u2019enrichir, il quitte celui qui l\u2019a con\u00e7u. Mais sans \u00e9ducation, il est bient\u00f4t la proie de deux escrocs. D\u2019aventures en \u00e9preuves, la marionnette capricieuse apprend et se transforme. Pinocchio pourra-t-il changer au point de devenir humain&nbsp;?<br>Que signifie grandir ? Quelles valeurs rec\u00e8le le voyage ? Comment gagner son autonomie et son ind\u00e9pendance quand, par ignorance, on est le jouet des autres ? En adaptant le c\u00e9l\u00e8bre conte de Carlo Collodi pour la sc\u00e8ne, Jo\u00ebl Pommerat r\u00e9v\u00e8le les enjeux qui le traversent et souligne son \u00e9tonnante modernit\u00e9. <\/p>\n\n\n\n<h3 class=\"wp-block-heading\" style=\"text-align:center\"><strong> 15h50 Carte&nbsp;blanche<\/strong><br><\/h3>\n\n\n\n<h6 class=\"wp-block-heading\" style=\"text-align:center\">Par l\u2019atelier ado de l&#8217;Espace 600 <\/h6>\n\n\n\n<h2 class=\"wp-block-heading\" style=\"text-align:center\" id=\"Jeunes-ados\">.<\/h2>\n\n\n\n<h3 class=\"wp-block-heading\" style=\"text-align:center\"><strong>17h00 : Jeunes&nbsp;adolescents,&nbsp;dans&nbsp;leur&nbsp;milieu&nbsp;naturel<\/strong><br><strong>(en temps de crise)<br><\/strong><em>De&nbsp;Antoine&nbsp;Quirion<\/em><br><\/h3>\n\n\n\n<h6 class=\"wp-block-heading\" style=\"text-align:center\">Par la Troupe Palindrome<\/h6>\n\n\n\n<p>  La classe de Premi\u00e8re C, celle avec la pire ambiance du lyc\u00e9e, a mis sa prof d\u2019histoire en arr\u00eat. Enzo n\u2019y est pas pour rien et, aux dires de la proviseure et de son p\u00e8re, il n\u2019a d\u00e9sormais plus le droit \u00e0 l\u2019erreur. Ca d\u00e9marre mal : \u00e0 peine la rempla\u00e7ante arriv\u00e9e, il ne rend pas le premier devoir en ligne. Il n\u2019a alors plus le choix que de pirater l\u2019espace num\u00e9rique du lyc\u00e9e pour se sauver la mise. C\u2019\u00e9tait sans se douter que ce devoir \u00e9tait la premi\u00e8re \u00e9tape d\u2019une s\u00e9lection nationale pour participer \u00e0 la prochaine COP. <br> <br> Que se passe-t-il alors quand les probl\u00e9matiques plan\u00e9taires viennent percuter celle d\u2019une classe de premi\u00e8re? Comment penser l\u2019avenir pris en tenaille entre la complexit\u00e9 du monde et une indispensable insouciance d\u2019ados? Comment faire quand, en plus, les parents s\u2019en m\u00ealent ? Mais surtout, comment renoncer \u00e0 un mensonge quand tous semblent vouloir s\u2019y accrocher ?   <\/p>\n\n\n\n<h2 class=\"wp-block-heading\" style=\"text-align:center\" id=\"Lecture\">.<\/h2>\n\n\n\n<h3 class=\"wp-block-heading\" style=\"text-align:center\"><strong>18h10 : Livres, et vous?<br><\/strong>Avec Sarah Carr\u00e9<br><\/h3>\n\n\n\n<p>Un transat, les oreilles aff\u00fbt\u00e9es et l&#8217;\u00e9coute active! Venez vous plonger dans les mots de Sarah Carr\u00e9, autrice marraine du festival, qui vous invitera dans les lignes de son th\u00e9\u00e2tre, accompagn\u00e9e par des lectrices du moment et des lecteurs de passage.<\/p>\n\n\n\n<div class=\"wp-block-media-text alignwide has-pale-cyan-blue-background-color\"><figure class=\"wp-block-media-text__media\"><img loading=\"lazy\" decoding=\"async\" width=\"760\" height=\"760\" src=\"http:\/\/festivalpalindrome.fr\/wp-content\/uploads\/2021\/05\/repas-compagnies-aeriennes-annees-60-01.jpg\" alt=\"\" class=\"wp-image-341\" srcset=\"https:\/\/festivalpalindrome.fr\/wp-content\/uploads\/2021\/05\/repas-compagnies-aeriennes-annees-60-01.jpg 760w, https:\/\/festivalpalindrome.fr\/wp-content\/uploads\/2021\/05\/repas-compagnies-aeriennes-annees-60-01-150x150.jpg 150w, https:\/\/festivalpalindrome.fr\/wp-content\/uploads\/2021\/05\/repas-compagnies-aeriennes-annees-60-01-300x300.jpg 300w, https:\/\/festivalpalindrome.fr\/wp-content\/uploads\/2021\/05\/repas-compagnies-aeriennes-annees-60-01-100x100.jpg 100w\" sizes=\"auto, (max-width: 706px) 89vw, (max-width: 767px) 82vw, 740px\" \/><\/figure><div class=\"wp-block-media-text__content\">\n<h1 class=\"wp-block-heading\" style=\"text-align:center\" id=\"mce_0\"><strong>Soir : restauration sur place <\/strong><br><strong>(Galettes bretonnes)<\/strong><\/h1>\n\n\n\n<p style=\"text-align:center\" class=\"has-background has-medium-font-size has-luminous-vivid-orange-background-color\"><strong><a href=\"https:\/\/www.helloasso.com\/associations\/theatre-au-village\/evenements\/festival-palindrome-2024\" target=\"_blank\" rel=\"noreferrer noopener\" aria-label=\" (s\u2019ouvre dans un nouvel onglet)\">Cliquez ici pour r\u00e9server<\/a><\/strong><\/p>\n<\/div><\/div>\n\n\n\n<div class=\"wp-block-media-text alignwide has-luminous-vivid-amber-background-color Specatle pro dim\" style=\"grid-template-columns:32% auto\"><figure class=\"wp-block-media-text__media\"><img loading=\"lazy\" decoding=\"async\" width=\"590\" height=\"870\" src=\"http:\/\/festivalpalindrome.fr\/wp-content\/uploads\/2024\/03\/19.-en-attendant-le-petit-poucet.jpg\" alt=\"\" class=\"wp-image-851\" srcset=\"https:\/\/festivalpalindrome.fr\/wp-content\/uploads\/2024\/03\/19.-en-attendant-le-petit-poucet.jpg 590w, https:\/\/festivalpalindrome.fr\/wp-content\/uploads\/2024\/03\/19.-en-attendant-le-petit-poucet-203x300.jpg 203w\" sizes=\"auto, (max-width: 590px) 100vw, 590px\" \/><\/figure><div class=\"wp-block-media-text__content\">\n<h2 class=\"wp-block-heading\" style=\"text-align:center\" id=\"Dim-spectacle-pro\"><strong>20h30<\/strong><br><strong>Spectacle&nbsp;pro<\/strong><br> En attendant le Petit Poucet <\/h2>\n\n\n\n<p style=\"text-align:center\"><strong>de&nbsp;Philippe Dorin<\/strong><br><strong>mise en&nbsp;sc\u00e8ne&nbsp;Sylviane&nbsp;Fortuny<\/strong><br> <br>Spectacle d\u00e9localis\u00e9 du TNP-Villeurbanne  <\/p>\n<\/div><\/div>\n\n\n\n<h6 class=\"wp-block-heading\" style=\"text-align:center\">Tout public, \u00e0 partir de 6 ans<br>55 minutes  <br>\u00c9glise de Laval  <br>TARIF ENFANT : 8\/10\/12 euros<br>TARIF ADULTE : 10\/12\/15 euros<\/h6>\n\n\n\n<p>Deux enfants, le&nbsp;Grand et&nbsp;la&nbsp;Petite, se&nbsp;rencontrent au&nbsp;milieu d\u2019une clairi\u00e8re, sur&nbsp;le&nbsp;chemin du&nbsp;petit Poucet. Ils&nbsp;deviennent fr\u00e8re et&nbsp;s\u0153ur. Ils&nbsp;viennent de&nbsp;quitter leur pays en&nbsp;ruines et&nbsp;se&nbsp;mettent en&nbsp;qu\u00eate d\u2019un petit coin vu&nbsp;en&nbsp;r\u00eave, o\u00f9&nbsp;ils&nbsp;pourraient quitter leurs chaussures et&nbsp;poser leurs pieds sur&nbsp;un&nbsp;petit tapis. Un&nbsp;petit caillou blanc les&nbsp;suit. Ils&nbsp;marchent, se&nbsp;recueillent sur&nbsp;la&nbsp;tombe de&nbsp;leur m\u00e8re, passent le&nbsp;gu\u00e9&nbsp;d\u2019une rivi\u00e8re, bivouaquent sous les&nbsp;\u00e9toiles, sympathisent avec des&nbsp;grenouilles, croisent une&nbsp;charrette tir\u00e9e par&nbsp;un&nbsp;cheval, traversent une&nbsp;ville en&nbsp;chantant, meurent et&nbsp;ressuscitent, font le&nbsp;tour du&nbsp;monde et&nbsp;frappent \u00e0&nbsp;la&nbsp;porte d\u2019une maison\u2026<\/p>\n\n\n\n<p>\u00c9crit \u00e0&nbsp;l\u2019aube des&nbsp;ann\u00e9es 2000, ce&nbsp;texte faisait alors \u00e9cho aux&nbsp;guerres des&nbsp;Balkans. Aujourd\u2019hui, il&nbsp;devient la&nbsp;caisse de&nbsp;r\u00e9sonance d\u2019autres drames. Face \u00e0&nbsp;ces&nbsp;trag\u00e9dies qui&nbsp;percutent l\u2019humanit\u00e9, la&nbsp;pi\u00e8ce de&nbsp;Philippe Dorin laisse entrevoir un&nbsp;horizon lumineux et&nbsp;tendre.<br>Avec beaucoup de&nbsp;dr\u00f4lerie et&nbsp;de&nbsp;l\u00e9g\u00e8ret\u00e9, l\u2019histoire qui&nbsp;se&nbsp;d\u00e9ploie dans<em>&nbsp;En&nbsp;attendant le&nbsp;Petit Poucet<\/em>&nbsp;offre une&nbsp;belle r\u00e9flexion sur&nbsp;la&nbsp;place de&nbsp;l\u2019\u00e9criture, cet&nbsp;outil atemporel de&nbsp;r\u00e9silience, de&nbsp;joie et&nbsp;d\u2019\u00e9mancipation.<\/p>\n\n\n<div id=\"metaslider-id-870\" style=\"width: 100%;\" class=\"ml-slider-3-62-0 metaslider metaslider-flex metaslider-870 ml-slider ms-theme-default nav-hidden\" role=\"region\" aria-roledescription=\"Slideshow\" aria-label=\"Nouveau diaporama\">\n    <div id=\"metaslider_container_870\">\n        <div id=\"metaslider_870\">\n            <ul aria-live=\"polite\" class=\"slides\">\n                <li style=\"display: block; width: 100%;\" class=\"slide-871 ms-image \" aria-roledescription=\"slide\" aria-label=\"slide-871\"><img loading=\"lazy\" decoding=\"async\" width=\"2560\" height=\"1766\" src=\"https:\/\/festivalpalindrome.fr\/wp-content\/uploads\/2024\/03\/En-attendant-le-Petit-Poucet@Michel-CAVALCA-le-Petit-Poucet-le-Petit-Poucet@Michel-CAVALCA-7-scaled-1.jpg\" class=\"slider-870 slide-871\" alt=\"\" rel=\"\" title=\"En-attendant-le-Petit-Poucet@Michel-CAVALCA-le-Petit-Poucet-le-Petit-Poucet@Michel-CAVALCA-7-scaled-1\" style=\"margin: 0 auto; width: 62.125869600388%\" sizes=\"auto, 100vw\" \/><\/li>\n                <li style=\"display: none; width: 100%;\" class=\"slide-872 ms-image \" aria-roledescription=\"slide\" aria-label=\"slide-872\"><img loading=\"lazy\" decoding=\"async\" width=\"2560\" height=\"1781\" src=\"https:\/\/festivalpalindrome.fr\/wp-content\/uploads\/2024\/03\/En-attendant-le-Petit-Poucet@Michel-CAVALCA-le-Petit-Poucet-le-Petit-Poucet@Michel-CAVALCA-9-scaled-1-e1713260946826.jpg\" class=\"slider-870 slide-872\" alt=\"\" rel=\"\" title=\"En-attendant-le-Petit-Poucet@Michel-CAVALCA-le-Petit-Poucet-le-Petit-Poucet@Michel-CAVALCA-9-scaled-1\" style=\"margin: 0 auto; width: 61.602630945697%\" sizes=\"auto, 100vw\" \/><\/li>\n                <li style=\"display: none; width: 100%;\" class=\"slide-873 ms-image \" aria-roledescription=\"slide\" aria-label=\"slide-873\"><img loading=\"lazy\" decoding=\"async\" width=\"1908\" height=\"2560\" src=\"https:\/\/festivalpalindrome.fr\/wp-content\/uploads\/2024\/03\/En-attendant-le-Petit-Poucet@Michel-CAVALCA-le-Petit-Poucet-le-Petit-Poucet@Michel-CAVALCA-16-scaled-1.jpg\" class=\"slider-870 slide-873\" alt=\"\" rel=\"\" title=\"En-attendant-le-Petit-Poucet@Michel-CAVALCA-le-Petit-Poucet-le-Petit-Poucet@Michel-CAVALCA-16-scaled-1\" style=\"margin: 0 auto; width: 31.941964285714%\" sizes=\"auto, 100vw\" \/><\/li>\n                <li style=\"display: none; width: 100%;\" class=\"slide-874 ms-image \" aria-roledescription=\"slide\" aria-label=\"slide-874\"><img loading=\"lazy\" decoding=\"async\" width=\"2560\" height=\"1660\" src=\"https:\/\/festivalpalindrome.fr\/wp-content\/uploads\/2024\/03\/En-attendant-le-Petit-Poucet@Michel-CAVALCA-le-Petit-Poucet-le-Petit-Poucet@Michel-CAVALCA-23-scaled-1.jpg\" class=\"slider-870 slide-874\" alt=\"\" rel=\"\" title=\"En-attendant-le-Petit-Poucet@Michel-CAVALCA-le-Petit-Poucet-le-Petit-Poucet@Michel-CAVALCA-23-scaled-1\" style=\"margin: 0 auto; width: 66.092943201377%\" sizes=\"auto, 100vw\" \/><\/li>\n                <li style=\"display: none; width: 100%;\" class=\"slide-875 ms-image \" aria-roledescription=\"slide\" aria-label=\"slide-875\"><img loading=\"lazy\" decoding=\"async\" width=\"1723\" height=\"2560\" src=\"https:\/\/festivalpalindrome.fr\/wp-content\/uploads\/2024\/03\/En-attendant-le-Petit-Poucet@Michel-CAVALCA-le-Petit-Poucet-le-Petit-Poucet@Michel-CAVALCA-26-scaled-1.jpg\" class=\"slider-870 slide-875\" alt=\"\" rel=\"\" title=\"En-attendant-le-Petit-Poucet@Michel-CAVALCA-le-Petit-Poucet-le-Petit-Poucet@Michel-CAVALCA-26-scaled-1\" style=\"margin: 0 auto; width: 28.844866071429%\" sizes=\"auto, 100vw\" \/><\/li>\n                <li style=\"display: none; width: 100%;\" class=\"slide-876 ms-image \" aria-roledescription=\"slide\" aria-label=\"slide-876\"><img loading=\"lazy\" decoding=\"async\" width=\"2560\" height=\"1789\" src=\"https:\/\/festivalpalindrome.fr\/wp-content\/uploads\/2024\/03\/En-attendant-le-Petit-Poucet@Michel-CAVALCA-le-Petit-Poucet-le-Petit-Poucet@Michel-CAVALCA-36-scaled-1.jpg\" class=\"slider-870 slide-876\" alt=\"\" rel=\"\" title=\"En-attendant-le-Petit-Poucet@Michel-CAVALCA-le-Petit-Poucet-le-Petit-Poucet@Michel-CAVALCA-36-scaled-1\" style=\"margin: 0 auto; width: 61.327158029226%\" sizes=\"auto, 100vw\" \/><\/li>\n                <li style=\"display: none; width: 100%;\" class=\"slide-877 ms-image \" aria-roledescription=\"slide\" aria-label=\"slide-877\"><img loading=\"lazy\" decoding=\"async\" width=\"2560\" height=\"1707\" src=\"https:\/\/festivalpalindrome.fr\/wp-content\/uploads\/2024\/03\/En-attendant-le-Petit-Poucet@Michel-CAVALCA-le-Petit-Poucet-le-Petit-Poucet@Michel-CAVALCA-42-scaled-1.jpg\" class=\"slider-870 slide-877\" alt=\"\" rel=\"\" title=\"En-attendant-le-Petit-Poucet@Michel-CAVALCA-le-Petit-Poucet-le-Petit-Poucet@Michel-CAVALCA-42-scaled-1\" style=\"margin: 0 auto; width: 64.273160933969%\" sizes=\"auto, 100vw\" \/><\/li>\n                <li style=\"display: none; width: 100%;\" class=\"slide-878 ms-image \" aria-roledescription=\"slide\" aria-label=\"slide-878\"><img loading=\"lazy\" decoding=\"async\" width=\"1870\" height=\"2560\" src=\"https:\/\/festivalpalindrome.fr\/wp-content\/uploads\/2024\/03\/En-attendant-le-Petit-Poucet@Michel-CAVALCA-le-Petit-Poucet-le-Petit-Poucet@Michel-CAVALCA-45-scaled-1.jpg\" class=\"slider-870 slide-878\" alt=\"\" rel=\"\" title=\"En-attendant-le-Petit-Poucet@Michel-CAVALCA-le-Petit-Poucet-le-Petit-Poucet@Michel-CAVALCA-45-scaled-1\" style=\"margin: 0 auto; width: 31.305803571429%\" sizes=\"auto, 100vw\" \/><\/li>\n                <li style=\"display: none; width: 100%;\" class=\"slide-879 ms-image \" aria-roledescription=\"slide\" aria-label=\"slide-879\"><img loading=\"lazy\" decoding=\"async\" width=\"2560\" height=\"1818\" src=\"https:\/\/festivalpalindrome.fr\/wp-content\/uploads\/2024\/03\/En-attendant-le-Petit-Poucet@Michel-CAVALCA-le-Petit-Poucet-le-Petit-Poucet@Michel-CAVALCA-50-scaled-1.jpg\" class=\"slider-870 slide-879\" alt=\"\" rel=\"\" title=\"En-attendant-le-Petit-Poucet@Michel-CAVALCA-le-Petit-Poucet-le-Petit-Poucet@Michel-CAVALCA-50-scaled-1\" style=\"margin: 0 auto; width: 60.34889203206%\" sizes=\"auto, 100vw\" \/><\/li>\n            <\/ul>\n        <\/div>\n        \n    <\/div>\n<\/div>\n\n\n\n<p style=\"text-align:center\" class=\"has-background has-vivid-green-cyan-background-color\"><strong><a href=\"https:\/\/www.helloasso.com\/associations\/theatre-au-village\/evenements\/festival-palindrome-2024\" target=\"_blank\" rel=\"noreferrer noopener\" aria-label=\"RESERVER (s\u2019ouvre dans un nouvel onglet)\">RESERVER<\/a><\/strong><\/p>\n\n\n\n<p class=\"has-small-font-size\"><br> Avec Victor Breda, Louis Ferrand, L\u00e9a Squarcio<br> en partenariat avec le GEIQ Th\u00e9\u00e2tre \u2013 Compagnonnage <br>Costumes Sabine Siegwalt<br> Lumi\u00e8re Julie Bardin<br> Construction du d\u00e9cor Otto Ziegler<br> Assistanat \u00e0 la mise en sc\u00e8ne M\u00e9lanie Vayss\u00e8tes <br>La pi\u00e8ce est publi\u00e9e \u00e0 l\u2019\u00c9cole des loisirs-th\u00e9\u00e2tre.<br> Reprise de la production d\u00e9l\u00e9gu\u00e9e Th\u00e9\u00e2tre National Populaire. <br>Production Cie pour ainsi dire. <\/p>\n\n\n\n<p><br><\/p>\n\n\n\n<p> <\/p>\n","protected":false},"excerpt":{"rendered":"<p>. LE MATINAtelier Jeu&nbsp;face&nbsp;cam\u00e9ra avec Bastien Lombardo (Th\u00e9\u00e2tre du Risque)Dimanche 19 Mai, 9h30-12h00&nbsp;: \u00e0 partir de 8 ans18 participants maximum : r\u00e9servation conseill\u00e9eSalle Beldina Du th\u00e9\u00e2tre, on en garde le texte. Mais ici, on ne joue pas sur une sc\u00e8ne, mais en d\u00e9cor naturel, et pas sous le regard d\u2019un public, mais devant l&#8217;\u0153il de &hellip; <\/p>\n<p class=\"link-more\"><a href=\"https:\/\/festivalpalindrome.fr\/?page_id=849\" class=\"more-link\">Continuer la lecture<span class=\"screen-reader-text\"> de &laquo;&nbsp;DIMANCHE 19 MAI 2024&nbsp;&raquo;<\/span><\/a><\/p>\n","protected":false},"author":1,"featured_media":0,"parent":0,"menu_order":0,"comment_status":"closed","ping_status":"closed","template":"","meta":{"footnotes":""},"class_list":["post-849","page","type-page","status-publish","hentry"],"_links":{"self":[{"href":"https:\/\/festivalpalindrome.fr\/index.php?rest_route=\/wp\/v2\/pages\/849","targetHints":{"allow":["GET"]}}],"collection":[{"href":"https:\/\/festivalpalindrome.fr\/index.php?rest_route=\/wp\/v2\/pages"}],"about":[{"href":"https:\/\/festivalpalindrome.fr\/index.php?rest_route=\/wp\/v2\/types\/page"}],"author":[{"embeddable":true,"href":"https:\/\/festivalpalindrome.fr\/index.php?rest_route=\/wp\/v2\/users\/1"}],"replies":[{"embeddable":true,"href":"https:\/\/festivalpalindrome.fr\/index.php?rest_route=%2Fwp%2Fv2%2Fcomments&post=849"}],"version-history":[{"count":26,"href":"https:\/\/festivalpalindrome.fr\/index.php?rest_route=\/wp\/v2\/pages\/849\/revisions"}],"predecessor-version":[{"id":1181,"href":"https:\/\/festivalpalindrome.fr\/index.php?rest_route=\/wp\/v2\/pages\/849\/revisions\/1181"}],"wp:attachment":[{"href":"https:\/\/festivalpalindrome.fr\/index.php?rest_route=%2Fwp%2Fv2%2Fmedia&parent=849"}],"curies":[{"name":"wp","href":"https:\/\/api.w.org\/{rel}","templated":true}]}}